{"id":3094,"date":"2024-01-19T07:23:44","date_gmt":"2024-01-19T07:23:44","guid":{"rendered":"https:\/\/themepanthers.com\/wp\/risehand\/el\/?page_id=3094"},"modified":"2024-04-12T13:49:33","modified_gmt":"2024-04-12T13:49:33","slug":"blog-grid-3","status":"publish","type":"page","link":"https:\/\/ror-rks.net\/sq\/blog-grid-3\/","title":{"rendered":"Blog Grid 3"},"content":{"rendered":"<div data-elementor-type=\"wp-page\" data-elementor-id=\"3094\" class=\"elementor elementor-3094\" data-elementor-post-type=\"page\">\n\t\t\t\t\t\t<section class=\"elementor-section elementor-top-section elementor-element elementor-element-e0cd048 elementor-section-full_width elementor-section-height-default elementor-section-height-default\" data-id=\"e0cd048\" data-element_type=\"section\" data-e-type=\"section\">\n\t\t\t\t\t\t<div class=\"elementor-container elementor-column-gap-no\">\n\t\t\t\t\t<div class=\"elementor-column elementor-col-100 elementor-top-column elementor-element elementor-element-60cabe5\" data-id=\"60cabe5\" data-element_type=\"column\" data-e-type=\"column\">\n\t\t\t<div class=\"elementor-widget-wrap elementor-element-populated\">\n\t\t\t\t\t\t<div class=\"elementor-element elementor-element-ac8a3e5 elementor-widget elementor-widget-risehand-blog-post-v1\" data-id=\"ac8a3e5\" data-element_type=\"widget\" data-e-type=\"widget\" data-widget_type=\"risehand-blog-post-v1.default\">\n\t\t\t\t<div class=\"elementor-widget-container\">\n\t\t\t\t\t<section class=\"blog_post_section\"> <div class=\"row  blog_container clearfix\">      <div class=\"col-xl-6 col-lg-6 col-md-6 col-sm-6 blog-wrapper\">    <div class=\"blog-style_4 trans mb_40 has_images\">  <div class=\"image-box img_obj_fit_center\"> <a href=\"https:\/\/ror-rks.net\/sq\/meetings\/drafting-of-the-three-year-advocacy-strategy-2026-2028-for-the-ror-and-akf-childrens-groups\/\" class=\"img_link\"> <img fetchpriority=\"high\" decoding=\"async\" width=\"1323\" height=\"885\" src=\"https:\/\/ror-rks.net\/wp-content\/uploads\/2026\/04\/Capture.png\" class=\"attachment-risehand-image-370-270 trans size-risehand-image-370-270 trans wp-post-image\" alt=\"\"   \/> <\/a> <\/div>  <div class=\"content_box trans\">  <a href=\"https:\/\/ror-rks.net\/sq\/category\/meetings\/\" class=\"cat_gry\">Takime<\/a>   <div class=\"d-flex\">  <span class=\"date_tm\"><time class=\"date published font_special\" datetime=\"2026-02-23T13:00:29+00:00\"><i class=\"risehand-calendar5 mr-5\"><\/i>23 Shkurt, 2026<\/time><\/span>   <\/div>  <div class=\"title_22 mb_10\"><a href=\"https:\/\/ror-rks.net\/sq\/meetings\/drafting-of-the-three-year-advocacy-strategy-2026-2028-for-the-ror-and-akf-childrens-groups\/\" class=\"trim-3\">Hartimin i Strategjis\u00eb Trevje\u00e7are t\u00eb Avokimit (2026\u20132028) p\u00ebr grupet e f\u00ebmij\u00ebve ROR dhe AKF<\/a><\/div>  <p class=\"des_cription mb_15\">Vermica, February 19\u201321: A three-day workshop was held to draft the Three-Year Advocacy Strategy (2026\u20132028) for the ROR and AKF&hellip;<\/p>  <div> <a class=\"text_btn\" href=\"https:\/\/ror-rks.net\/sq\/meetings\/drafting-of-the-three-year-advocacy-strategy-2026-2028-for-the-ror-and-akf-childrens-groups\/\"> <small>Read more<\/small> <\/a> <\/div> <\/div> <\/div>\n     <\/div>       <div class=\"col-xl-6 col-lg-6 col-md-6 col-sm-6 blog-wrapper\">    <div class=\"blog-style_4 trans mb_40 has_images\">  <div class=\"image-box img_obj_fit_center\"> <a href=\"https:\/\/ror-rks.net\/sq\/environmental\/mbeturrina\/\" class=\"img_link\"> <img decoding=\"async\" width=\"1336\" height=\"881\" src=\"https:\/\/ror-rks.net\/wp-content\/uploads\/2026\/03\/Capture-2.png\" class=\"attachment-risehand-image-370-270 trans size-risehand-image-370-270 trans wp-post-image\" alt=\"\"   \/> <\/a> <\/div>  <div class=\"content_box trans\">  <a href=\"https:\/\/ror-rks.net\/sq\/category\/environmental\/\" class=\"cat_gry\">Mjedisor<\/a>   <div class=\"d-flex\">  <span class=\"date_tm\"><time class=\"date published font_special\" datetime=\"2025-10-10T13:00:53+00:00\"><i class=\"risehand-calendar5 mr-5\"><\/i>10 Tetor, 2025<\/time><\/span>   <\/div>  <div class=\"title_22 mb_10\"><a href=\"https:\/\/ror-rks.net\/sq\/environmental\/mbeturrina\/\" class=\"trim-3\">Mbetu\u2019Rrina<\/a><\/div>  <p class=\"des_cription mb_15\">\u201cMbetu&#8217;Rrina\u201d \u2013 creativity that turns trash into a message for the environment! As the name itself suggests, this time the&hellip;<\/p>  <div> <a class=\"text_btn\" href=\"https:\/\/ror-rks.net\/sq\/environmental\/mbeturrina\/\"> <small>Read more<\/small> <\/a> <\/div> <\/div> <\/div>\n     <\/div>       <div class=\"col-xl-6 col-lg-6 col-md-6 col-sm-6 blog-wrapper\">    <div class=\"blog-style_4 trans mb_40 has_images\">  <div class=\"image-box img_obj_fit_center\"> <a href=\"https:\/\/ror-rks.net\/sq\/community\/enhancing-park-accessibility-tailored-benches-for-the-disabled-gjakove\/\" class=\"img_link\"> <img decoding=\"async\" width=\"1380\" height=\"918\" src=\"https:\/\/ror-rks.net\/wp-content\/uploads\/2026\/03\/Capture-3.png\" class=\"attachment-risehand-image-370-270 trans size-risehand-image-370-270 trans wp-post-image\" alt=\"\"   \/> <\/a> <\/div>  <div class=\"content_box trans\">  <a href=\"https:\/\/ror-rks.net\/sq\/category\/community\/\" class=\"cat_gry\">Komunitet<\/a>   <div class=\"d-flex\">  <span class=\"date_tm\"><time class=\"date published font_special\" datetime=\"2025-09-16T13:00:41+00:00\"><i class=\"risehand-calendar5 mr-5\"><\/i>16 Shtator, 2025<\/time><\/span>   <\/div>  <div class=\"title_22 mb_10\"><a href=\"https:\/\/ror-rks.net\/sq\/community\/enhancing-park-accessibility-tailored-benches-for-the-disabled-gjakove\/\" class=\"trim-3\">Rritja e qasshmerise ne park ul\u00ebse t\u00eb dedikuara p\u00ebr personat me aft\u00ebsi t\u00eb kufizuara: Gjakove<\/a><\/div>  <p class=\"des_cription mb_15\">The ROR Group, in cooperation with partner organizations, has today installed new accessible benches for people with disabilities in Gjakova&hellip;<\/p>  <div> <a class=\"text_btn\" href=\"https:\/\/ror-rks.net\/sq\/community\/enhancing-park-accessibility-tailored-benches-for-the-disabled-gjakove\/\"> <small>Read more<\/small> <\/a> <\/div> <\/div> <\/div>\n     <\/div>       <div class=\"col-xl-6 col-lg-6 col-md-6 col-sm-6 blog-wrapper\">    <div class=\"blog-style_4 trans mb_40 has_images\">  <div class=\"image-box img_obj_fit_center\"> <a href=\"https:\/\/ror-rks.net\/sq\/community\/meeting-with-the-deputy-ombudsman\/\" class=\"img_link\"> <img loading=\"lazy\" decoding=\"async\" width=\"1345\" height=\"893\" src=\"https:\/\/ror-rks.net\/wp-content\/uploads\/2026\/03\/Capture-1.png\" class=\"attachment-risehand-image-370-270 trans size-risehand-image-370-270 trans wp-post-image\" alt=\"\"   \/> <\/a> <\/div>  <div class=\"content_box trans\">  <a href=\"https:\/\/ror-rks.net\/sq\/category\/community\/\" class=\"cat_gry\">Komunitet<\/a>   <div class=\"d-flex\">  <span class=\"date_tm\"><time class=\"date published font_special\" datetime=\"2025-08-26T13:00:36+00:00\"><i class=\"risehand-calendar5 mr-5\"><\/i>26 Gusht, 2025<\/time><\/span>   <\/div>  <div class=\"title_22 mb_10\"><a href=\"https:\/\/ror-rks.net\/sq\/community\/meeting-with-the-deputy-ombudsman\/\" class=\"trim-3\">Takim me Z\u00ebvend\u00ebs Avokatin e Popullit<\/a><\/div>  <p class=\"des_cription mb_15\">Today we met with the Deputy Ombudsman, Mr. Basri Kastrati, and other officials from the Department of Children. At this&hellip;<\/p>  <div> <a class=\"text_btn\" href=\"https:\/\/ror-rks.net\/sq\/community\/meeting-with-the-deputy-ombudsman\/\"> <small>Read more<\/small> <\/a> <\/div> <\/div> <\/div>\n     <\/div>       <div class=\"col-xl-6 col-lg-6 col-md-6 col-sm-6 blog-wrapper\">    <div class=\"blog-style_4 trans mb_40 has_images\">  <div class=\"image-box img_obj_fit_center\"> <a href=\"https:\/\/ror-rks.net\/sq\/meetings\/think-about-earth\/\" class=\"img_link\"> <img loading=\"lazy\" decoding=\"async\" width=\"1920\" height=\"1450\" src=\"https:\/\/ror-rks.net\/wp-content\/uploads\/2026\/03\/getmyfbcom_1774348672528-Picsart-AiImageEnhancer.jpeg\" class=\"attachment-risehand-image-370-270 trans size-risehand-image-370-270 trans wp-post-image\" alt=\"\"   \/> <\/a> <\/div>  <div class=\"content_box trans\">  <a href=\"https:\/\/ror-rks.net\/sq\/category\/meetings\/\" class=\"cat_gry\">Takime<\/a>   <div class=\"d-flex\">  <span class=\"date_tm\"><time class=\"date published font_special\" datetime=\"2025-07-03T13:00:17+00:00\"><i class=\"risehand-calendar5 mr-5\"><\/i>3 Korrik, 2025<\/time><\/span>   <\/div>  <div class=\"title_22 mb_10\"><a href=\"https:\/\/ror-rks.net\/sq\/meetings\/think-about-earth\/\" class=\"trim-3\">Mendo p\u00ebr Tok\u00ebn<\/a><\/div>  <p class=\"des_cription mb_15\">Think about the Earth\u00a0On 03.07.2025 in Prishtina, the 5th edition of the \u201cThink about the Earth\u201d campaign organized by members&hellip;<\/p>  <div> <a class=\"text_btn\" href=\"https:\/\/ror-rks.net\/sq\/meetings\/think-about-earth\/\"> <small>Read more<\/small> <\/a> <\/div> <\/div> <\/div>\n     <\/div>       <div class=\"col-xl-6 col-lg-6 col-md-6 col-sm-6 blog-wrapper\">    <div class=\"blog-style_4 trans mb_40 has_images\">  <div class=\"image-box img_obj_fit_center\"> <a href=\"https:\/\/ror-rks.net\/sq\/meetings\/ngritja-e-kapaciteteve-mbi-metodologjite-e-qasjes-ndaj-vendimmarresve-ne-nivel-lokal-e-nacional-qasjes-ne-media-dhe-avokim\/\" class=\"img_link\"> <img loading=\"lazy\" decoding=\"async\" width=\"960\" height=\"639\" src=\"https:\/\/ror-rks.net\/wp-content\/uploads\/2026\/03\/getmyfb.com_1774343774079.jpeg\" class=\"attachment-risehand-image-370-270 trans size-risehand-image-370-270 trans wp-post-image\" alt=\"\"   \/> <\/a> <\/div>  <div class=\"content_box trans\">  <a href=\"https:\/\/ror-rks.net\/sq\/category\/meetings\/\" class=\"cat_gry\">Takime<\/a>   <div class=\"d-flex\">  <span class=\"date_tm\"><time class=\"date published font_special\" datetime=\"2025-04-22T13:00:25+00:00\"><i class=\"risehand-calendar5 mr-5\"><\/i>22 Prill, 2025<\/time><\/span>   <\/div>  <div class=\"title_22 mb_10\"><a href=\"https:\/\/ror-rks.net\/sq\/meetings\/ngritja-e-kapaciteteve-mbi-metodologjite-e-qasjes-ndaj-vendimmarresve-ne-nivel-lokal-e-nacional-qasjes-ne-media-dhe-avokim\/\" class=\"trim-3\">Ngritja e kapaciteteve mbi metodologjit\u00eb e qasjes ndaj vendimmarr\u00ebsve n\u00eb nivel lokal e nacional, qasjes n\u00eb media dhe avokim<\/a><\/div>  <p class=\"des_cription mb_15\">From April 19-22, a three-day training on \u201cCapacity Building on Methodologies for Engaging Decision-Makers at the Local and National Levels,&hellip;<\/p>  <div> <a class=\"text_btn\" href=\"https:\/\/ror-rks.net\/sq\/meetings\/ngritja-e-kapaciteteve-mbi-metodologjite-e-qasjes-ndaj-vendimmarresve-ne-nivel-lokal-e-nacional-qasjes-ne-media-dhe-avokim\/\"> <small>Read more<\/small> <\/a> <\/div> <\/div> <\/div>\n     <\/div>       <div class=\"col-xl-6 col-lg-6 col-md-6 col-sm-6 blog-wrapper\">    <div class=\"blog-style_4 trans mb_40 has_images\">  <div class=\"image-box img_obj_fit_center\"> <a href=\"https:\/\/ror-rks.net\/sq\/community\/enhancing-park-accessibility-tailored-benches-for-the-disabled\/\" class=\"img_link\"> <img loading=\"lazy\" decoding=\"async\" width=\"1437\" height=\"960\" src=\"https:\/\/ror-rks.net\/wp-content\/uploads\/2026\/03\/grupinpark.jpg\" class=\"attachment-risehand-image-370-270 trans size-risehand-image-370-270 trans wp-post-image\" alt=\"\"   \/> <\/a> <\/div>  <div class=\"content_box trans\">  <a href=\"https:\/\/ror-rks.net\/sq\/category\/community\/\" class=\"cat_gry\">Komunitet<\/a>   <div class=\"d-flex\">  <span class=\"date_tm\"><time class=\"date published font_special\" datetime=\"2025-01-10T13:00:00+00:00\"><i class=\"risehand-calendar5 mr-5\"><\/i>10 Janar, 2025<\/time><\/span>   <\/div>  <div class=\"title_22 mb_10\"><a href=\"https:\/\/ror-rks.net\/sq\/community\/enhancing-park-accessibility-tailored-benches-for-the-disabled\/\" class=\"trim-3\">Rritja e Qasshm\u00ebris\u00eb n\u00eb Park: Ul\u00ebse t\u00eb dedikuara p\u00ebr personat me aft\u00ebsi t\u00eb kufizuara<\/a><\/div>  <p class=\"des_cription mb_15\">In our final meeting of the year, we inaugurated a special bench for individuals with disabilities in Karagaq Park, Peja\u2014a&hellip;<\/p>  <div> <a class=\"text_btn\" href=\"https:\/\/ror-rks.net\/sq\/community\/enhancing-park-accessibility-tailored-benches-for-the-disabled\/\"> <small>Read more<\/small> <\/a> <\/div> <\/div> <\/div>\n     <\/div>       <div class=\"col-xl-6 col-lg-6 col-md-6 col-sm-6 blog-wrapper\">    <div class=\"blog-style_4 trans mb_40 has_images\">  <div class=\"image-box img_obj_fit_center\"> <a href=\"https:\/\/ror-rks.net\/sq\/celebration\/10-vite-ror-10-vite-ndikim\/\" class=\"img_link\"> <img loading=\"lazy\" decoding=\"async\" width=\"2560\" height=\"1711\" src=\"https:\/\/ror-rks.net\/wp-content\/uploads\/2026\/03\/10vjetori-2-scaled.jpg\" class=\"attachment-risehand-image-370-270 trans size-risehand-image-370-270 trans wp-post-image\" alt=\"\"   \/> <\/a> <\/div>  <div class=\"content_box trans\">  <a href=\"https:\/\/ror-rks.net\/sq\/category\/celebration\/\" class=\"cat_gry\">Festim<\/a>   <div class=\"d-flex\">  <span class=\"date_tm\"><time class=\"date published font_special\" datetime=\"2024-11-16T13:00:00+00:00\"><i class=\"risehand-calendar5 mr-5\"><\/i>16 N\u00ebntor, 2024<\/time><\/span>   <\/div>  <div class=\"title_22 mb_10\"><a href=\"https:\/\/ror-rks.net\/sq\/celebration\/10-vite-ror-10-vite-ndikim\/\" class=\"trim-3\">10 Vite ROR, 10 Vite Ndikim!<\/a><\/div>  <p class=\"des_cription mb_15\">ROR\u2014a group of words, a family, and a safe place. This group marked its 10th anniversary, reaching a full decade.&hellip;<\/p>  <div> <a class=\"text_btn\" href=\"https:\/\/ror-rks.net\/sq\/celebration\/10-vite-ror-10-vite-ndikim\/\"> <small>Read more<\/small> <\/a> <\/div> <\/div> <\/div>\n     <\/div>     <\/div>  <div class=\"row\"> <div class=\"col-lg-12\"> <div class=\"pagination\"> <ul class='page-numbers'>\n\t<li><span aria-label=\"Faqe 1\" aria-current=\"page\" class=\"page-numbers current\" data-no-translation-aria-label=\"\">1<\/span><\/li>\n\t<li><a aria-label=\"Faqe 2\" class=\"page-numbers\" href=\"https:\/\/ror-rks.net\/sq\/wp-json\/wp\/v2\/pages\/3094\/page\/2\/\" data-no-translation-aria-label=\"\">2<\/a><\/li>\n\t<li><a aria-label=\"Faqe 3\" class=\"page-numbers\" href=\"https:\/\/ror-rks.net\/sq\/wp-json\/wp\/v2\/pages\/3094\/page\/3\/\" data-no-translation-aria-label=\"\">3<\/a><\/li>\n\t<li><a class=\"next page-numbers\" href=\"https:\/\/ror-rks.net\/sq\/wp-json\/wp\/v2\/pages\/3094\/page\/2\/\"><i class=\"fa fa-angle-right\"><\/i><\/a><\/li>\n<\/ul>\n <\/div> <\/div> <\/div>  <\/section>\r\n\t\t\t\t<\/div>\n\t\t\t\t<\/div>\n\t\t\t\t\t<\/div>\n\t\t<\/div>\n\t\t\t\t\t<\/div>\n\t\t<\/section>\n\t\t\t\t<\/div>","protected":false},"excerpt":{"rendered":"<p>Community December 14, 2023 Post a Comment The church has filed for a rehearing in the appeals court Through our food pantry, we provide nourishment to families experiencing food insecurity. [&hellip;]<\/p>\n","protected":false},"author":1,"featured_media":0,"parent":0,"menu_order":0,"comment_status":"closed","ping_status":"closed","template":"","meta":{"give_campaign_id":0,"_themeisle_gutenberg_block_has_review":false,"footnotes":""},"class_list":["post-3094","page","type-page","status-publish","hentry"],"campaignId":"","_links":{"self":[{"href":"https:\/\/ror-rks.net\/sq\/wp-json\/wp\/v2\/pages\/3094","targetHints":{"allow":["GET"]}}],"collection":[{"href":"https:\/\/ror-rks.net\/sq\/wp-json\/wp\/v2\/pages"}],"about":[{"href":"https:\/\/ror-rks.net\/sq\/wp-json\/wp\/v2\/types\/page"}],"author":[{"embeddable":true,"href":"https:\/\/ror-rks.net\/sq\/wp-json\/wp\/v2\/users\/1"}],"replies":[{"embeddable":true,"href":"https:\/\/ror-rks.net\/sq\/wp-json\/wp\/v2\/comments?post=3094"}],"version-history":[{"count":1,"href":"https:\/\/ror-rks.net\/sq\/wp-json\/wp\/v2\/pages\/3094\/revisions"}],"predecessor-version":[{"id":5886,"href":"https:\/\/ror-rks.net\/sq\/wp-json\/wp\/v2\/pages\/3094\/revisions\/5886"}],"wp:attachment":[{"href":"https:\/\/ror-rks.net\/sq\/wp-json\/wp\/v2\/media?parent=3094"}],"curies":[{"name":"wp","href":"https:\/\/api.w.org\/{rel}","templated":true}]}}